{"id":151,"date":"2024-06-04T13:58:52","date_gmt":"2024-06-04T13:58:52","guid":{"rendered":"https:\/\/denkraum42.de\/?page_id=151"},"modified":"2024-06-04T13:58:52","modified_gmt":"2024-06-04T13:58:52","slug":"foerdermoeglichkeiten","status":"publish","type":"page","link":"https:\/\/denkraum42.de\/?page_id=151","title":{"rendered":"F\u00f6rderm\u00f6glichkeiten"},"content":{"rendered":"\n<p>F\u00fcr meine Programme stehen folgende F\u00f6rderm\u00f6glichkeiten zur Verf\u00fcgung<\/p>\n\n\n\n<p>Kompass 90 Prozent der Seminarkosten werden f\u00fcr Soloselbst\u00e4ndige \u00fcbernommen. Die f\u00f6rderf\u00e4higen Seminare sehen Sie hier.<\/p>\n\n\n\n<p>Ebenso k\u00f6nnen Unternehmen f\u00fcr die Weiterbildung ihrer Besch\u00e4ftigten einen Zuschuss von 40 Prozent, maximal 2.000 EUR pro Mitarbeiter und Seminar erhalten. <\/p>\n\n\n\n<p>Hier k\u00f6nnen erhalten Sie weitere Infos. Gerne stelle ich einen Kontakt zu den entsprechenden Stellen her.<\/p>\n\n\n\n<div class=\"wp-block-columns is-layout-flex wp-container-core-columns-is-layout-9d6595d7 wp-block-columns-is-layout-flex\">\n<div class=\"wp-block-column is-layout-flow wp-block-column-is-layout-flow\">\n<h2 class=\"wp-block-heading\">KOMPASS &#8211; Kompakte Hilfe f\u00fcr Solo-Selbstst\u00e4ndige<\/h2>\n\n\n\n<p>Solo-Selbstst\u00e4ndigkeit bedeutet f\u00fcr viele Menschen berufliche Autonomie, ein hohes Ma\u00df an Gestaltungsfreiheit und Flexibilit\u00e4t. Solo-Selbstst\u00e4ndige meistern unternehmerische Herausforderungen und gestalten den digitalen und \u00f6kologischen Wandel in ihrem T\u00e4tigkeitsfeld mit. Das ESF Plus-Programm KOMPASS unterst\u00fctzt sie dabei &#8211; durch die finanzielle F\u00f6rderung von passgenauen Qualifizierungen und Weiterbildungen.<\/p>\n\n\n\n<h2 class=\"wp-block-heading\"><strong>Was ist KOMPASS?<\/strong><\/h2>\n\n\n\n<p>Das Programm KOMPASS (Kompakte Hilfe f\u00fcr Solo-Selbstst\u00e4ndige) des Bundesministeriums f\u00fcr Arbeit und Soziales unterst\u00fctzt Solo-Selbstst\u00e4ndige dabei, sich&nbsp;<strong>krisenfest und zukunftssicher<\/strong>&nbsp;aufzustellen. Dies erfolgt durch eine&nbsp;<strong>breit angelegte, niedrigschwellige Finanzierung von individuell ausgew\u00e4hlten Weiterbildungen und Qualifizierungen<\/strong>. Solo-Selbstst\u00e4ndige erhalten einen&nbsp;<strong>finanziellen Zuschuss von maximal 4.500 Euro<\/strong>&nbsp;zu einer f\u00fcr sie passenden Weiterbildung. Eine F\u00f6rderung ist einmal innerhalb von zw\u00f6lf Monaten m\u00f6glich.<\/p>\n\n\n\n<h2 class=\"wp-block-heading\"><strong>An wen richtet sich KOMPASS?<\/strong><\/h2>\n\n\n\n<p>KOMPASS richtet sich an Solo-Selbstst\u00e4ndige mit\u00a0<strong>Wohnsitz und T\u00e4tigkeit in Deutschland<\/strong>, die\u00a0<strong>seit mindestens zwei Jahren am Markt<\/strong>\u00a0t\u00e4tig sind,\u00a0<strong>maximal ein Vollzeit\u00e4quivalent an Mitarbeitenden<\/strong>\u00a0besch\u00e4ftigen und ihre Selbstst\u00e4ndigkeit im\u00a0<strong>Haupterwerb<\/strong>\u00a0betreiben.<\/p>\n\n\n\n<h2 class=\"wp-block-heading\">Welche Qualifizierungen werden gef\u00f6rdert?<\/h2>\n\n\n\n<p>Gef\u00f6rdert werden Qualifizierungen mit einer\u00a0<strong>Mindestdauer von 20 Stunden<\/strong>, die innerhalb von\u00a0<strong>sechs Monaten<\/strong>\u00a0<strong>abgeschlossen<\/strong>\u00a0sein m\u00fcssen. Was gef\u00f6rdert wird, ist\u00a0<strong>vom individuellen Bedarf der Solo-Selbstst\u00e4ndigen abh\u00e4ngig<\/strong>. Dies k\u00f6nnen betriebswirtschaftliche Kenntnisse, digitale F\u00e4higkeiten und methodisches Wissen oder berufsspezifische fachliche Kompetenzen sein. Den geeigneten Anbieter und die passende Qualifizierung w\u00e4hlen die Solo-Selbstst\u00e4ndigen mit Unterst\u00fctzung der KOMPASS-Anlaufstellen.<\/p>\n\n\n\n<h2 class=\"wp-block-heading\"><strong>An wen kann ich mich bei Interesse an einer F\u00f6rderung wenden?<\/strong><\/h2>\n\n\n\n<p>Gerne vermittle ich einen Kontakt zu einer Kompassberatungsstelle um sich in einem\u00a0<strong>kostenlosen Erstberatungsgespr\u00e4ch<\/strong>\u00a0zu f\u00fcr sie passenden Qualifizierungen beraten lassen. Weitere Informationen zum Programm und Antworten auf h\u00e4ufig gestellte Fragen finden sich im Dokument \u201e<strong><a href=\"https:\/\/www.esf.de\/portal\/SharedDocs\/PDFs\/DE\/Programme-2021-2027\/BMAS\/kompass_faq_solo_selbststaendige.html\">FAQ f\u00fcr Solo-Selbstst\u00e4ndige<\/a><\/strong>\u201c.<\/p>\n\n\n\n<p><strong>Wie ist der Ablauf des Programms bzw. der F\u00f6rderung?<\/strong><\/p>\n\n\n\n<ul class=\"wp-block-list\">\n<li><strong>Verpflichtendes, kostenloses Erstberatungsgespr\u00e4ch (pers\u00f6nlich oder virtuell) mit einer KOMPASS-Anlaufstelle<\/strong><br>Die Solo-Selbstst\u00e4ndigen f\u00fchren ein Erstberatungsgespr\u00e4ch mit der Anlaufstelle (ggf. auch Folgegespr\u00e4che). Die Anlaufstelle erstellt ein Beratungsprotokoll, pr\u00fcft die F\u00f6rdervoraussetzungen und empfiehlt passende Qualifizierungen.<\/li>\n\n\n\n<li><strong>Erhalt des Qualifizierungsschecks<\/strong><br>Die Anlaufstelle pr\u00fcft die Unterlagen und stellt den Qualifizierungsscheck aus.<\/li>\n\n\n\n<li><strong>Erfolgreiche Teilnahme an der vereinbarten Qualifizierung mit Zertifikat bzw. Teilnahmebest\u00e4tigung<\/strong><br>Die Solo-Selbstst\u00e4ndigen f\u00fchren die Qualifizierung innerhalb von sechs Monaten nach Ausstellung des Qualifizierungsschecks erfolgreich durch.<\/li>\n\n\n\n<li><strong>Antragsstellung und Abrechnung mit Unterst\u00fctzung der KOMPASS-Anlaufstelle<\/strong><br>F\u00fcr die anteilige R\u00fcckerstattung (bis zu 4.500 Euro) stellen die Solo-Selbstst\u00e4ndigen einen Antrag und reichen diesen bei der Bewilligungsbeh\u00f6rde (Deutsche Rentenversicherung Knappschaft-Bahn-See) ein. Diese pr\u00fcft den Antrag und erstattet die anteiligen Kosten an die Solo-Selbstst\u00e4ndigen.<\/li>\n<\/ul>\n<\/div>\n\n\n\n<div class=\"wp-block-column is-layout-flow wp-block-column-is-layout-flow\">\n<h2 class=\"wp-block-heading\">Kompetenz durch Weiterbildung (KdW)<\/h2>\n\n\n\n<ul class=\"wp-block-list\">\n<li>40 % Zuschuss zu den Weiterbildungskosten Ihrer Besch\u00e4ftigten<\/li>\n\n\n\n<li>Bis zu 2.000 \u20ac pro Besch\u00e4ftigtem und Ma\u00dfnahme<\/li>\n\n\n\n<li>Einfaches Verfahren, umfangreiche Hilfe bei der Antragstellung<\/li>\n<\/ul>\n<\/div>\n<\/div>\n","protected":false},"excerpt":{"rendered":"<p>F\u00fcr meine Programme stehen folgende F\u00f6rderm\u00f6glichkeiten zur Verf\u00fcgung Kompass 90 Prozent der Seminarkosten werden f\u00fcr Soloselbst\u00e4ndige \u00fcbernommen. Die f\u00f6rderf\u00e4higen Seminare sehen Sie hier. Ebenso k\u00f6nnen Unternehmen f\u00fcr die Weiterbildung ihrer Besch\u00e4ftigten einen Zuschuss von 40 Prozent, maximal 2.000 EUR pro Mitarbeiter und Seminar erhalten. Hier k\u00f6nnen erhalten Sie weitere Infos. Gerne stelle ich einen Kontakt &hellip; <\/p>\n<p class=\"link-more\"><a href=\"https:\/\/denkraum42.de\/?page_id=151\" class=\"more-link\"><span class=\"screen-reader-text\">\u201eF\u00f6rderm\u00f6glichkeiten\u201c<\/span> weiterlesen<\/a><\/p>\n","protected":false},"author":1,"featured_media":152,"parent":0,"menu_order":0,"comment_status":"closed","ping_status":"closed","template":"","meta":{"footnotes":""},"class_list":["post-151","page","type-page","status-publish","has-post-thumbnail","hentry"],"yoast_head":"<!-- This site is optimized with the Yoast SEO plugin v22.6 - https:\/\/yoast.com\/wordpress\/plugins\/seo\/ -->\n<title>F\u00f6rderm\u00f6glichkeiten - Denkraum 42<\/title>\n<meta name=\"description\" content=\"F\u00fcr meine Programme stehen F\u00f6rderm\u00f6glichkeiten zur Verf\u00fcgung. Bis zu 90 Prozent f\u00fcr Soloselbst\u00e4ndige oder bis zu 2.000 EUR pro Mitarbeiter f\u00fcr Unternehmen.\" \/>\n<meta name=\"robots\" content=\"index, follow, max-snippet:-1, max-image-preview:large, max-video-preview:-1\" \/>\n<link rel=\"canonical\" href=\"https:\/\/denkraum42.de\/?page_id=151\" \/>\n<meta property=\"og:locale\" content=\"de_DE\" \/>\n<meta property=\"og:type\" content=\"article\" \/>\n<meta property=\"og:title\" content=\"F\u00f6rderm\u00f6glichkeiten - Denkraum 42\" \/>\n<meta property=\"og:description\" content=\"F\u00fcr meine Programme stehen F\u00f6rderm\u00f6glichkeiten zur Verf\u00fcgung. Bis zu 90 Prozent f\u00fcr Soloselbst\u00e4ndige oder bis zu 2.000 EUR pro Mitarbeiter f\u00fcr Unternehmen.\" \/>\n<meta property=\"og:url\" content=\"https:\/\/denkraum42.de\/?page_id=151\" \/>\n<meta property=\"og:site_name\" content=\"Denkraum 42\" \/>\n<meta property=\"og:image\" content=\"https:\/\/denkraum42.de\/wp-content\/uploads\/2024\/06\/sunset-1807524_1280.jpg\" \/>\n\t<meta property=\"og:image:width\" content=\"1280\" \/>\n\t<meta property=\"og:image:height\" content=\"785\" \/>\n\t<meta property=\"og:image:type\" content=\"image\/jpeg\" \/>\n<meta name=\"twitter:card\" content=\"summary_large_image\" \/>\n<meta name=\"twitter:label1\" content=\"Gesch\u00e4tzte Lesezeit\" \/>\n\t<meta name=\"twitter:data1\" content=\"3\u00a0Minuten\" \/>\n<script type=\"application\/ld+json\" class=\"yoast-schema-graph\">{\"@context\":\"https:\/\/schema.org\",\"@graph\":[{\"@type\":\"WebPage\",\"@id\":\"https:\/\/denkraum42.de\/?page_id=151\",\"url\":\"https:\/\/denkraum42.de\/?page_id=151\",\"name\":\"F\u00f6rderm\u00f6glichkeiten - Denkraum 42\",\"isPartOf\":{\"@id\":\"https:\/\/denkraum42.de\/#website\"},\"primaryImageOfPage\":{\"@id\":\"https:\/\/denkraum42.de\/?page_id=151#primaryimage\"},\"image\":{\"@id\":\"https:\/\/denkraum42.de\/?page_id=151#primaryimage\"},\"thumbnailUrl\":\"https:\/\/denkraum42.de\/wp-content\/uploads\/2024\/06\/sunset-1807524_1280.jpg\",\"datePublished\":\"2024-06-04T13:58:52+00:00\",\"dateModified\":\"2024-06-04T13:58:52+00:00\",\"description\":\"F\u00fcr meine Programme stehen F\u00f6rderm\u00f6glichkeiten zur Verf\u00fcgung. Bis zu 90 Prozent f\u00fcr Soloselbst\u00e4ndige oder bis zu 2.000 EUR pro Mitarbeiter f\u00fcr Unternehmen.\",\"breadcrumb\":{\"@id\":\"https:\/\/denkraum42.de\/?page_id=151#breadcrumb\"},\"inLanguage\":\"de\",\"potentialAction\":[{\"@type\":\"ReadAction\",\"target\":[\"https:\/\/denkraum42.de\/?page_id=151\"]}]},{\"@type\":\"ImageObject\",\"inLanguage\":\"de\",\"@id\":\"https:\/\/denkraum42.de\/?page_id=151#primaryimage\",\"url\":\"https:\/\/denkraum42.de\/wp-content\/uploads\/2024\/06\/sunset-1807524_1280.jpg\",\"contentUrl\":\"https:\/\/denkraum42.de\/wp-content\/uploads\/2024\/06\/sunset-1807524_1280.jpg\",\"width\":1280,\"height\":785},{\"@type\":\"BreadcrumbList\",\"@id\":\"https:\/\/denkraum42.de\/?page_id=151#breadcrumb\",\"itemListElement\":[{\"@type\":\"ListItem\",\"position\":1,\"name\":\"Startseite\",\"item\":\"https:\/\/denkraum42.de\/\"},{\"@type\":\"ListItem\",\"position\":2,\"name\":\"F\u00f6rderm\u00f6glichkeiten\"}]},{\"@type\":\"WebSite\",\"@id\":\"https:\/\/denkraum42.de\/#website\",\"url\":\"https:\/\/denkraum42.de\/\",\"name\":\"Denkraum 42\",\"description\":\"Echte Transformation und integraler Wandel. Entwicklung evolution\u00e4r gestalten.\",\"publisher\":{\"@id\":\"https:\/\/denkraum42.de\/#organization\"},\"potentialAction\":[{\"@type\":\"SearchAction\",\"target\":{\"@type\":\"EntryPoint\",\"urlTemplate\":\"https:\/\/denkraum42.de\/?s={search_term_string}\"},\"query-input\":\"required name=search_term_string\"}],\"inLanguage\":\"de\"},{\"@type\":\"Organization\",\"@id\":\"https:\/\/denkraum42.de\/#organization\",\"name\":\"Denkraum 42\",\"url\":\"https:\/\/denkraum42.de\/\",\"logo\":{\"@type\":\"ImageObject\",\"inLanguage\":\"de\",\"@id\":\"https:\/\/denkraum42.de\/#\/schema\/logo\/image\/\",\"url\":\"https:\/\/denkraum42.de\/wp-content\/uploads\/2024\/05\/cropped-cropped-triskell-1193998_1920.png\",\"contentUrl\":\"https:\/\/denkraum42.de\/wp-content\/uploads\/2024\/05\/cropped-cropped-triskell-1193998_1920.png\",\"width\":250,\"height\":250,\"caption\":\"Denkraum 42\"},\"image\":{\"@id\":\"https:\/\/denkraum42.de\/#\/schema\/logo\/image\/\"}}]}<\/script>\n<!-- \/ Yoast SEO plugin. -->","yoast_head_json":{"title":"F\u00f6rderm\u00f6glichkeiten - Denkraum 42","description":"F\u00fcr meine Programme stehen F\u00f6rderm\u00f6glichkeiten zur Verf\u00fcgung. Bis zu 90 Prozent f\u00fcr Soloselbst\u00e4ndige oder bis zu 2.000 EUR pro Mitarbeiter f\u00fcr Unternehmen.","robots":{"index":"index","follow":"follow","max-snippet":"max-snippet:-1","max-image-preview":"max-image-preview:large","max-video-preview":"max-video-preview:-1"},"canonical":"https:\/\/denkraum42.de\/?page_id=151","og_locale":"de_DE","og_type":"article","og_title":"F\u00f6rderm\u00f6glichkeiten - Denkraum 42","og_description":"F\u00fcr meine Programme stehen F\u00f6rderm\u00f6glichkeiten zur Verf\u00fcgung. Bis zu 90 Prozent f\u00fcr Soloselbst\u00e4ndige oder bis zu 2.000 EUR pro Mitarbeiter f\u00fcr Unternehmen.","og_url":"https:\/\/denkraum42.de\/?page_id=151","og_site_name":"Denkraum 42","og_image":[{"width":1280,"height":785,"url":"https:\/\/denkraum42.de\/wp-content\/uploads\/2024\/06\/sunset-1807524_1280.jpg","type":"image\/jpeg"}],"twitter_card":"summary_large_image","twitter_misc":{"Gesch\u00e4tzte Lesezeit":"3\u00a0Minuten"},"schema":{"@context":"https:\/\/schema.org","@graph":[{"@type":"WebPage","@id":"https:\/\/denkraum42.de\/?page_id=151","url":"https:\/\/denkraum42.de\/?page_id=151","name":"F\u00f6rderm\u00f6glichkeiten - Denkraum 42","isPartOf":{"@id":"https:\/\/denkraum42.de\/#website"},"primaryImageOfPage":{"@id":"https:\/\/denkraum42.de\/?page_id=151#primaryimage"},"image":{"@id":"https:\/\/denkraum42.de\/?page_id=151#primaryimage"},"thumbnailUrl":"https:\/\/denkraum42.de\/wp-content\/uploads\/2024\/06\/sunset-1807524_1280.jpg","datePublished":"2024-06-04T13:58:52+00:00","dateModified":"2024-06-04T13:58:52+00:00","description":"F\u00fcr meine Programme stehen F\u00f6rderm\u00f6glichkeiten zur Verf\u00fcgung. Bis zu 90 Prozent f\u00fcr Soloselbst\u00e4ndige oder bis zu 2.000 EUR pro Mitarbeiter f\u00fcr Unternehmen.","breadcrumb":{"@id":"https:\/\/denkraum42.de\/?page_id=151#breadcrumb"},"inLanguage":"de","potentialAction":[{"@type":"ReadAction","target":["https:\/\/denkraum42.de\/?page_id=151"]}]},{"@type":"ImageObject","inLanguage":"de","@id":"https:\/\/denkraum42.de\/?page_id=151#primaryimage","url":"https:\/\/denkraum42.de\/wp-content\/uploads\/2024\/06\/sunset-1807524_1280.jpg","contentUrl":"https:\/\/denkraum42.de\/wp-content\/uploads\/2024\/06\/sunset-1807524_1280.jpg","width":1280,"height":785},{"@type":"BreadcrumbList","@id":"https:\/\/denkraum42.de\/?page_id=151#breadcrumb","itemListElement":[{"@type":"ListItem","position":1,"name":"Startseite","item":"https:\/\/denkraum42.de\/"},{"@type":"ListItem","position":2,"name":"F\u00f6rderm\u00f6glichkeiten"}]},{"@type":"WebSite","@id":"https:\/\/denkraum42.de\/#website","url":"https:\/\/denkraum42.de\/","name":"Denkraum 42","description":"Echte Transformation und integraler Wandel. Entwicklung evolution\u00e4r gestalten.","publisher":{"@id":"https:\/\/denkraum42.de\/#organization"},"potentialAction":[{"@type":"SearchAction","target":{"@type":"EntryPoint","urlTemplate":"https:\/\/denkraum42.de\/?s={search_term_string}"},"query-input":"required name=search_term_string"}],"inLanguage":"de"},{"@type":"Organization","@id":"https:\/\/denkraum42.de\/#organization","name":"Denkraum 42","url":"https:\/\/denkraum42.de\/","logo":{"@type":"ImageObject","inLanguage":"de","@id":"https:\/\/denkraum42.de\/#\/schema\/logo\/image\/","url":"https:\/\/denkraum42.de\/wp-content\/uploads\/2024\/05\/cropped-cropped-triskell-1193998_1920.png","contentUrl":"https:\/\/denkraum42.de\/wp-content\/uploads\/2024\/05\/cropped-cropped-triskell-1193998_1920.png","width":250,"height":250,"caption":"Denkraum 42"},"image":{"@id":"https:\/\/denkraum42.de\/#\/schema\/logo\/image\/"}}]}},"_links":{"self":[{"href":"https:\/\/denkraum42.de\/index.php?rest_route=\/wp\/v2\/pages\/151","targetHints":{"allow":["GET"]}}],"collection":[{"href":"https:\/\/denkraum42.de\/index.php?rest_route=\/wp\/v2\/pages"}],"about":[{"href":"https:\/\/denkraum42.de\/index.php?rest_route=\/wp\/v2\/types\/page"}],"author":[{"embeddable":true,"href":"https:\/\/denkraum42.de\/index.php?rest_route=\/wp\/v2\/users\/1"}],"replies":[{"embeddable":true,"href":"https:\/\/denkraum42.de\/index.php?rest_route=%2Fwp%2Fv2%2Fcomments&post=151"}],"version-history":[{"count":1,"href":"https:\/\/denkraum42.de\/index.php?rest_route=\/wp\/v2\/pages\/151\/revisions"}],"predecessor-version":[{"id":153,"href":"https:\/\/denkraum42.de\/index.php?rest_route=\/wp\/v2\/pages\/151\/revisions\/153"}],"wp:featuredmedia":[{"embeddable":true,"href":"https:\/\/denkraum42.de\/index.php?rest_route=\/wp\/v2\/media\/152"}],"wp:attachment":[{"href":"https:\/\/denkraum42.de\/index.php?rest_route=%2Fwp%2Fv2%2Fmedia&parent=151"}],"curies":[{"name":"wp","href":"https:\/\/api.w.org\/{rel}","templated":true}]}}