{"id":55,"date":"2024-05-03T09:47:20","date_gmt":"2024-05-03T09:47:20","guid":{"rendered":"https:\/\/denkraum42.de\/?page_id=55"},"modified":"2024-05-03T10:23:08","modified_gmt":"2024-05-03T10:23:08","slug":"rechtliches","status":"publish","type":"page","link":"https:\/\/denkraum42.de\/?page_id=55","title":{"rendered":"Rechtliches"},"content":{"rendered":"\n<p>Verantwortlich f\u00fcr die Domain und deren Inhalte ist:<\/p>\n\n\n\n<p>Alexandra St\u00f6hr<\/p>\n\n\n\n<p>Schachenstr. 82<\/p>\n\n\n\n<p>66954 Pirmasens<\/p>\n\n\n\n<p>Telefon: 06331 531 99 75<br>Mobil: 0170 \u2013 23 29 798<\/p>\n\n\n\n<p>USt ID: DE217001846B<\/p>\n\n\n\n<p>E-Mail: dialog@stoehr-hr.de<\/p>\n\n\n\n<p>Verwendete Bilder:<\/p>\n\n\n\n<p>Pixabay.de<\/p>\n\n\n\n<p><\/p>\n\n\n\n<p>Berufs- und Betriebshaftpflichtversicherung bei der R+V Versicherung \u00fcber den Gruppenvertrag der Trainerversorgung e.V. bei der R+V Versicherung abgeschlossen.<\/p>\n\n\n\n<p>Adresse des Versicherers:<\/p>\n\n\n\n<p>R+V Allgemeine Versicherung AG, Raiffeisenplatz 1, 65189 Wiesbaden<\/p>\n\n\n\n<p>Versicherungssumme: 10.000.000,00 Euro<\/p>\n\n\n\n<p>Geltungsbereich:<\/p>\n\n\n\n<p>Weltweit, in USA und Canada 10.000 Euro Selbstbeteiligung bei Personensch\u00e4de<\/p>\n\n\n\n<p>Weitere Profile und Webseiten im Netz<\/p>\n\n\n\n<p>Websiten:<\/p>\n\n\n\n<p><blockquote class=\"wp-embedded-content\" data-secret=\"7o6Hp2hVPD\"><a href=\"https:\/\/denkraum42.de\/\">Startseite<\/a><\/blockquote><iframe loading=\"lazy\" class=\"wp-embedded-content\" sandbox=\"allow-scripts\" security=\"restricted\" style=\"position: absolute; clip: rect(1px, 1px, 1px, 1px);\" title=\"&#8222;Startseite&#8220; &#8212; Denkraum 42\" src=\"https:\/\/denkraum42.de\/embed#?secret=54ddwoovpZ#?secret=7o6Hp2hVPD\" data-secret=\"7o6Hp2hVPD\" width=\"525\" height=\"296\" frameborder=\"0\" marginwidth=\"0\" marginheight=\"0\" scrolling=\"no\"><\/iframe><\/p>\n\n\n\n<p><\/p>\n\n\n\n<p><a href=\"http:\/\/nlp-ausbildungen-stoehr.de\/\">http:\/\/nlp-ausbildungen-stoehr.de\/<\/a><\/p>\n\n\n\n<p><a href=\"http:\/\/stoehr-hr.de\/\">http:\/\/stoehr-hr.de\/<\/a><\/p>\n\n\n\n<p><a href=\"http:\/\/das-leitwolf-prinzip.de\/\">http:\/\/das-leitwolf-prinzip.de\/<\/a><\/p>\n\n\n\n<p>Weitere Profile im Netz<\/p>\n\n\n\n<p><a href=\"https:\/\/www.facebook.com\/alexandra.stohr.35\">https:\/\/www.facebook.com\/alexandra.stohr.35<\/a><\/p>\n\n\n\n<p><a href=\"https:\/\/www.facebook.com\/WerdeWirksam\/?timeline_context_item_type=intro_card_work&amp;timeline_context_item_source=100000498439973\">https:\/\/www.facebook.com\/WerdeWirksam\/?timeline_context_item_type=intro_card_work&amp;timeline_context_item_source=100000498439973<\/a><\/p>\n\n\n\n<p><a href=\"https:\/\/www.facebook.com\/rEvolutionCoachingAlexandraStohr\">https:\/\/www.facebook.com\/rEvolutionCoachingAlexandraStohr<\/a><\/p>\n\n\n\n<p><a href=\"https:\/\/www.facebook.com\/Womens-leadership-811851345517157\">https:\/\/www.facebook.com\/Womens-leadership-811851345517157<\/a><\/p>\n\n\n\n<p><a href=\"https:\/\/www.facebook.com\/Das-Leitwolf-Prinzip-495059204198180\">https:\/\/www.facebook.com\/Das-Leitwolf-Prinzip-495059204198180<\/a><\/p>\n\n\n\n<p><a href=\"https:\/\/www.facebook.com\/pg\/Mindmover-229014647213177\/about\/?ref=page_internal\">https:\/\/www.facebook.com\/pg\/Mindmover-229014647213177\/about\/?ref=page_internal<\/a><\/p>\n\n\n\n<p><a href=\"https:\/\/plus.google.com\/u\/0\/106619629277010477559\">https:\/\/plus.google.com\/u\/0\/106619629277010477559<\/a><\/p>\n\n\n\n<p><a href=\"https:\/\/plus.google.com\/b\/105310288730994064052\">https:\/\/plus.google.com\/b\/105310288730994064052<\/a><\/p>\n\n\n\n<p><a href=\"https:\/\/plus.google.com\/b\/110117284147232255562\">https:\/\/plus.google.com\/b\/110117284147232255562<\/a><\/p>\n\n\n\n<p><a href=\"https:\/\/twitter.com\/alexandrastoehr?lang=de\">Alexandra St\u00f6hr (@AlexandraStoehr) \/ X (twitter.com)<\/a><\/p>\n\n\n\n<p><\/p>\n\n\n\n<p><a href=\"https:\/\/www.xing.com\/profile\/Alexandra_Stoehr\/cv?sc_o=mxb_p\">https:\/\/www.xing.com\/profile\/Alexandra_Stoehr\/cv?sc_o=mxb_p<\/a><\/p>\n\n\n\n<p><a href=\"https:\/\/www.linkedin.com\/in\/alexandra-st%C3%B6hr-b8664494\">https:\/\/www.linkedin.com\/in\/alexandra-st%C3%B6hr-b8664494<\/a><\/p>\n\n\n\n<p>Hinweis:<br>Eine Haftung durch unzutreffende oder unvollst\u00e4ndige Informationen auf diesen Internetseiten wird grunds\u00e4tzlich abgelehnt.<\/p>\n\n\n\n<p>F\u00fcr die verlinkten Inhalte sind die Anbieter der jeweiligen Webseiten selbst verantwortlich. Weder billigen wir die Drittinhalte, noch soll durch die Verlinkung eine Verbindung zwischen uns und diesen Inhalten hergestellt werden<\/p>\n\n\n\n<p>Wir \u00fcbernehmen keine Garantie daf\u00fcr, dass alle Angaben zu jeder Zeit vollst\u00e4ndig, richtig und in letzter Aktualit\u00e4t dargestellt sind. Alle Angaben k\u00f6nnen ohne vorherige Ank\u00fcndigung erg\u00e4nzt, entfernt oder ge\u00e4ndert werden.<\/p>\n\n\n\n<h1 class=\"wp-block-heading\">Datenschutzerkl\u00e4rung<\/h1>\n\n\n\n<p>Diese Website benutzt Google Analytics, einen Webanalysedienst der Google Inc. (\u201eGoogle\u201c). Google Analytics verwendet sog. \u201eCookies\u201c, Textdateien, die auf Ihrem Computer gespeichert werden und die eine Analyse der Benutzung der Website durch Sie erm\u00f6glichen. Die durch den Cookie erzeugten Informationen \u00fcber Ihre Benutzung dieser Website werden in der Regel an einen Server von Google in den USA \u00fcbertragen und dort gespeichert. Im Falle der Aktivierung der IP-Anonymisierung auf dieser Webseite, wird Ihre IP-Adresse von Google jedoch innerhalb von Mitgliedstaaten der Europ\u00e4ischen Union oder in anderen Vertragsstaaten des Abkommens \u00fcber den Europ\u00e4ischen Wirtschaftsraum zuvor gek\u00fcrzt. Nur in Ausnahmef\u00e4llen wird die volle IP-Adresse an einen Server von Google in den USA \u00fcbertragen und dort gek\u00fcrzt. Im Auftrag des Betreibers dieser Website wird Google diese Informationen benutzen, um Ihre Nutzung der Website auszuwerten, um Reports \u00fcber die Websiteaktivit\u00e4ten zusammenzustellen und um weitere mit der Websitenutzung und der Internetnutzung verbundene Dienstleistungen gegen\u00fcber dem Websitebetreiber zu erbringen. Die im Rahmen von Google Analytics von Ihrem Browser \u00fcbermittelte IP-Adresse wird nicht mit anderen Daten von Google zusammengef\u00fchrt. Sie k\u00f6nnen die Speicherung der Cookies durch eine entsprechende Einstellung Ihrer Browser-Software verhindern; wir weisen Sie jedoch darauf hin, dass Sie in diesem Fall gegebenenfalls nicht s\u00e4mtliche Funktionen dieser Website vollumf\u00e4nglich werden nutzen k\u00f6nnen. Sie k\u00f6nnen dar\u00fcber hinaus die Erfassung der durch das Cookie erzeugten und auf Ihre Nutzung der Website bezogenen Daten (inkl. Ihrer IP-Adresse) an Google sowie die Verarbeitung dieser Daten durch Google verhindern, indem Sie das unter dem folgenden Link verf\u00fcgbare Browser-Plugin herunterladen und installieren:&nbsp;<a href=\"http:\/\/tools.google.com\/dlpage\/gaoptout\" target=\"_blank\" rel=\"noreferrer noopener\">http:\/\/tools.google.com\/dlpage\/gaoptout<\/a><\/p>\n\n\n\n<p>N\u00e4here Informationen zu Nutzungsbedingungen und Datenschutz finden Sie unter den&nbsp;<a href=\"http:\/\/www.google.com\/analytics\/terms\/de.html\" target=\"_blank\" rel=\"noreferrer noopener\">Google Analytics Bedingungen<\/a>&nbsp;bzw. unter der&nbsp;<a href=\"http:\/\/www.google.com\/intl\/de\/policies\/privacy\/index.html\" target=\"_blank\" rel=\"noreferrer noopener\">Google Analytics \u00dcbersicht<\/a>. Wir weisen Sie darauf hin, dass auf dieser Webseite Google Analytics um den Code \u201egat._anonymizeIp();\u201c erweitert wurde, um eine anonymisierte Erfassung von IP-Adressen (sog. IP-Masking) zu gew\u00e4hrleisten.<\/p>\n\n\n\n<h4 class=\"wp-block-heading\">Verwendung von Cookies:<\/h4>\n\n\n\n<p>Soweit Ihre Sicherheitseinstellungen dies zulassen, speichert Ihr Webbrowser bei einem Besuch auf unserer Website auf Ihrem Computer unter Umst\u00e4nden sogenannte \u201eCookies\u201c. Die Cookies erm\u00f6glichen die Wiedererkennung des Internetbrowsers.<br>Zum einen erfolgt der Einsatz von Cookies, um Ihre Daten bei einem wiederkehrenden Besuch automatisch in die Eingabemasken von Loginfeldern eintragen zu lassen.<br>Zum anderen setzen wir Cookies zu Marketing- und Optimierungszwecken unseres Angebots ein. Dabei wird unter Einsatz von Cookies das Nutzerverhalten der Besucher unserer Webseite erfasst und statistisch ausgewertet. Wir setzen dabei auf die Technologie von Google Analytics:<br>Die insoweit unter Verwendung eines Cookies erhobenen Daten dienen der Analyse des Benutzerverhaltens auf unserer Website. Wir setzen Google Analytics mit der Erweiterung \u201e_anonymizeIp()\u201c ein. Die an Google \u00fcbertragenen IP-Adressen werden vor der \u00dcbermittlung in die USA durch entfernen der letzten drei Ziffern anonymisiert. Google wird die von uns \u00fcbermittelten Daten nicht mit anderen Daten von Google in Verbindung bringen.<br><strong>Deaktivieren:<\/strong>&nbsp;<a href=\"https:\/\/tools.google.com\/dlpage\/gaoptout?hl=de\" target=\"_blank\" rel=\"noreferrer noopener\">https:\/\/tools.google.com\/dlpage\/gaoptout?hl=de<\/a><br>Die meisten Browser bieten die M\u00f6glichkeit, die Verwendung von Cookies nach eigenen Vorstellungen zu \u00e4ndern und Cookies zu verwalten, ggf. zu verhindern. Weitere Informationen \u00fcber Cookies und die M\u00f6glichkeit Ihren Browser zu konfigurieren finden Sie auf&nbsp;<a href=\"http:\/\/www.allaboutcookies.org\/\" target=\"_blank\" rel=\"noreferrer noopener\">allaboutcookies.org<\/a>.<\/p>\n\n\n\n<h4 class=\"wp-block-heading\">Verwendung von Facebook-Plugins:<\/h4>\n\n\n\n<p>Auf unseren Seiten sind Plugins des sozialen Netzwerks Facebook, 1601 South California Avenue, Palo Alto, CA 94304, USA integriert. Die Facebook-Plugins erkennen Sie an dem Facebook-Logo oder dem \u201eLike-Button\u201c (\u201eGef\u00e4llt mir\u201c) auf unserer Seite. Eine \u00dcbersicht \u00fcber die Facebook-Plugins finden Sie hier:&nbsp;<a href=\"http:\/\/developers.facebook.com\/docs\/plugins\" target=\"_blank\" rel=\"noreferrer noopener\">http:\/\/developers.facebook.com\/docs\/plugins<\/a>. Wenn Sie unsere Seiten besuchen, wird \u00fcber das Plugin eine direkte Verbindung zwischen Ihrem Browser und dem Facebook-Server hergestellt. Facebook erh\u00e4lt dadurch die Information, dass Sie mit Ihrer IP-Adresse unsere Seite besucht haben. Wenn Sie den Facebook \u201eLike-Button\u201c anklicken w\u00e4hrend Sie in Ihrem Facebook-Account eingeloggt sind, k\u00f6nnen Sie die Inhalte unserer Seiten auf Ihrem Facebook-Profil verlinken. Dadurch kann Facebook den Besuch unserer Seiten Ihrem Benutzerkonto zuordnen. Wir weisen darauf hin, dass wir als Anbieter der Seiten keine Kenntnis vom Inhalt der \u00fcbermittelten Daten sowie deren Nutzung durch Facebook erhalten. Weitere Informationen hierzu finden Sie in der Datenschutzerkl\u00e4rung von Facebook unter&nbsp;<a href=\"http:\/\/de-de.facebook.com\/policy.php\" target=\"_blank\" rel=\"noreferrer noopener\">http:\/\/de-de.facebook.com\/policy.php<\/a>. Wenn Sie nicht w\u00fcnschen, dass Facebook den Besuch unserer Seiten Ihrem Facebook-Nutzerkonto zuordnen kann, loggen Sie sich bitte aus Ihrem Facebook-Benutzerkonto aus.<\/p>\n\n\n\n<h4 class=\"wp-block-heading\">Verwendung von Twitter-Plugins:<\/h4>\n\n\n\n<p>Auf unseren Seiten sind Funktionen des Dienstes Twitter eingebunden. Diese Funktionen werden angeboten durch die Twitter Inc., Twitter, Inc. 1355 Market St, Suite 900, San Francisco, CA 94103, USA. Durch das Benutzen von Twitter und der Funktion \u201eRe-Tweet\u201c werden die von Ihnen besuchten Webseiten mit Ihrem Twitter-Account verkn\u00fcpft und anderen Nutzern bekannt gegeben. Dabei werden auch Daten an Twitter \u00fcbertragen. Wir weisen darauf hin, dass wir als Anbieter der Seiten keine Kenntnis vom Inhalt der \u00fcbermittelten Daten sowie deren Nutzung durch Twitter erhalten. Weiteref\u00fchrende Informationen hierzu finden Sie in der Datenschutzerkl\u00e4rung von Twitter unter http:\/\/twitter.com\/privacy. Ihre Datenschutzeinstellungen bei Twitter k\u00f6nnen Sie in den Konto-Einstellungen unter&nbsp;<a href=\"http:\/\/twitter.com\/account\/settings\" target=\"_blank\" rel=\"noreferrer noopener\">http:\/\/twitter.com\/account\/settings<\/a>&nbsp;\u00e4ndern.<\/p>\n\n\n\n<p><strong>Rechtswirksamkeit<\/strong><br>Sollten einzelne Formulierungen oder Teile dieses Haftungsausschlusses der geltenden Rechtslage nicht mehr oder nicht mehr vollst\u00e4ndig entsprechen, bleiben die \u00fcbrigen Teile dieser Erkl\u00e4rung davon unber\u00fchrt.<br>Erf\u00fcllungsort und Gerichtsstand Pirmasens<\/p>\n","protected":false},"excerpt":{"rendered":"<p>Verantwortlich f\u00fcr die Domain und deren Inhalte ist: Alexandra St\u00f6hr Schachenstr. 82 66954 Pirmasens Telefon: 06331 531 99 75Mobil: 0170 \u2013 23 29 798 USt ID: DE217001846B E-Mail: dialog@stoehr-hr.de Verwendete Bilder: Pixabay.de Berufs- und Betriebshaftpflichtversicherung bei der R+V Versicherung \u00fcber den Gruppenvertrag der Trainerversorgung e.V. bei der R+V Versicherung abgeschlossen. Adresse des Versicherers: R+V Allgemeine &hellip; <\/p>\n<p class=\"link-more\"><a href=\"https:\/\/denkraum42.de\/?page_id=55\" class=\"more-link\"><span class=\"screen-reader-text\">\u201eRechtliches\u201c<\/span> weiterlesen<\/a><\/p>\n","protected":false},"author":1,"featured_media":73,"parent":0,"menu_order":0,"comment_status":"closed","ping_status":"closed","template":"","meta":{"footnotes":""},"class_list":["post-55","page","type-page","status-publish","has-post-thumbnail","hentry"],"yoast_head":"<!-- This site is optimized with the Yoast SEO plugin v22.6 - https:\/\/yoast.com\/wordpress\/plugins\/seo\/ -->\n<title>Rechtliches - Denkraum 42<\/title>\n<meta name=\"description\" content=\"Alexandra St\u00f6hr Ihr Coach und Trainer f\u00fcr transformative Prozesse , Schachenstr. 82, 66954 Pirmasens Telefon 06331 531 9975 Mobil 0170 23 29 798 Mail: dialog@stoehr-hr.de\" \/>\n<meta name=\"robots\" content=\"index, follow, max-snippet:-1, max-image-preview:large, max-video-preview:-1\" \/>\n<link rel=\"canonical\" href=\"https:\/\/denkraum42.de\/?page_id=55\" \/>\n<meta property=\"og:locale\" content=\"de_DE\" \/>\n<meta property=\"og:type\" content=\"article\" \/>\n<meta property=\"og:title\" content=\"Rechtliches - Denkraum 42\" \/>\n<meta property=\"og:description\" content=\"Alexandra St\u00f6hr Ihr Coach und Trainer f\u00fcr transformative Prozesse , Schachenstr. 82, 66954 Pirmasens Telefon 06331 531 9975 Mobil 0170 23 29 798 Mail: dialog@stoehr-hr.de\" \/>\n<meta property=\"og:url\" content=\"https:\/\/denkraum42.de\/?page_id=55\" \/>\n<meta property=\"og:site_name\" content=\"Denkraum 42\" \/>\n<meta property=\"article:modified_time\" content=\"2024-05-03T10:23:08+00:00\" \/>\n<meta property=\"og:image\" content=\"https:\/\/denkraum42.de\/wp-content\/uploads\/2024\/05\/ai-generated-8620473_1920.jpg\" \/>\n\t<meta property=\"og:image:width\" content=\"1920\" \/>\n\t<meta property=\"og:image:height\" content=\"1920\" \/>\n\t<meta property=\"og:image:type\" content=\"image\/jpeg\" \/>\n<meta name=\"twitter:card\" content=\"summary_large_image\" \/>\n<meta name=\"twitter:label1\" content=\"Gesch\u00e4tzte Lesezeit\" \/>\n\t<meta name=\"twitter:data1\" content=\"6\u00a0Minuten\" \/>\n<script type=\"application\/ld+json\" class=\"yoast-schema-graph\">{\"@context\":\"https:\/\/schema.org\",\"@graph\":[{\"@type\":\"WebPage\",\"@id\":\"https:\/\/denkraum42.de\/?page_id=55\",\"url\":\"https:\/\/denkraum42.de\/?page_id=55\",\"name\":\"Rechtliches - Denkraum 42\",\"isPartOf\":{\"@id\":\"https:\/\/denkraum42.de\/#website\"},\"primaryImageOfPage\":{\"@id\":\"https:\/\/denkraum42.de\/?page_id=55#primaryimage\"},\"image\":{\"@id\":\"https:\/\/denkraum42.de\/?page_id=55#primaryimage\"},\"thumbnailUrl\":\"https:\/\/denkraum42.de\/wp-content\/uploads\/2024\/05\/ai-generated-8620473_1920.jpg\",\"datePublished\":\"2024-05-03T09:47:20+00:00\",\"dateModified\":\"2024-05-03T10:23:08+00:00\",\"description\":\"Alexandra St\u00f6hr Ihr Coach und Trainer f\u00fcr transformative Prozesse , Schachenstr. 82, 66954 Pirmasens Telefon 06331 531 9975 Mobil 0170 23 29 798 Mail: dialog@stoehr-hr.de\",\"breadcrumb\":{\"@id\":\"https:\/\/denkraum42.de\/?page_id=55#breadcrumb\"},\"inLanguage\":\"de\",\"potentialAction\":[{\"@type\":\"ReadAction\",\"target\":[\"https:\/\/denkraum42.de\/?page_id=55\"]}]},{\"@type\":\"ImageObject\",\"inLanguage\":\"de\",\"@id\":\"https:\/\/denkraum42.de\/?page_id=55#primaryimage\",\"url\":\"https:\/\/denkraum42.de\/wp-content\/uploads\/2024\/05\/ai-generated-8620473_1920.jpg\",\"contentUrl\":\"https:\/\/denkraum42.de\/wp-content\/uploads\/2024\/05\/ai-generated-8620473_1920.jpg\",\"width\":1920,\"height\":1920},{\"@type\":\"BreadcrumbList\",\"@id\":\"https:\/\/denkraum42.de\/?page_id=55#breadcrumb\",\"itemListElement\":[{\"@type\":\"ListItem\",\"position\":1,\"name\":\"Startseite\",\"item\":\"https:\/\/denkraum42.de\/\"},{\"@type\":\"ListItem\",\"position\":2,\"name\":\"Rechtliches\"}]},{\"@type\":\"WebSite\",\"@id\":\"https:\/\/denkraum42.de\/#website\",\"url\":\"https:\/\/denkraum42.de\/\",\"name\":\"Denkraum 42\",\"description\":\"Echte Transformation und integraler Wandel. Entwicklung evolution\u00e4r gestalten.\",\"publisher\":{\"@id\":\"https:\/\/denkraum42.de\/#organization\"},\"potentialAction\":[{\"@type\":\"SearchAction\",\"target\":{\"@type\":\"EntryPoint\",\"urlTemplate\":\"https:\/\/denkraum42.de\/?s={search_term_string}\"},\"query-input\":\"required name=search_term_string\"}],\"inLanguage\":\"de\"},{\"@type\":\"Organization\",\"@id\":\"https:\/\/denkraum42.de\/#organization\",\"name\":\"Denkraum 42\",\"url\":\"https:\/\/denkraum42.de\/\",\"logo\":{\"@type\":\"ImageObject\",\"inLanguage\":\"de\",\"@id\":\"https:\/\/denkraum42.de\/#\/schema\/logo\/image\/\",\"url\":\"https:\/\/denkraum42.de\/wp-content\/uploads\/2024\/05\/cropped-cropped-triskell-1193998_1920.png\",\"contentUrl\":\"https:\/\/denkraum42.de\/wp-content\/uploads\/2024\/05\/cropped-cropped-triskell-1193998_1920.png\",\"width\":250,\"height\":250,\"caption\":\"Denkraum 42\"},\"image\":{\"@id\":\"https:\/\/denkraum42.de\/#\/schema\/logo\/image\/\"}}]}<\/script>\n<!-- \/ Yoast SEO plugin. -->","yoast_head_json":{"title":"Rechtliches - Denkraum 42","description":"Alexandra St\u00f6hr Ihr Coach und Trainer f\u00fcr transformative Prozesse , Schachenstr. 82, 66954 Pirmasens Telefon 06331 531 9975 Mobil 0170 23 29 798 Mail: dialog@stoehr-hr.de","robots":{"index":"index","follow":"follow","max-snippet":"max-snippet:-1","max-image-preview":"max-image-preview:large","max-video-preview":"max-video-preview:-1"},"canonical":"https:\/\/denkraum42.de\/?page_id=55","og_locale":"de_DE","og_type":"article","og_title":"Rechtliches - Denkraum 42","og_description":"Alexandra St\u00f6hr Ihr Coach und Trainer f\u00fcr transformative Prozesse , Schachenstr. 82, 66954 Pirmasens Telefon 06331 531 9975 Mobil 0170 23 29 798 Mail: dialog@stoehr-hr.de","og_url":"https:\/\/denkraum42.de\/?page_id=55","og_site_name":"Denkraum 42","article_modified_time":"2024-05-03T10:23:08+00:00","og_image":[{"width":1920,"height":1920,"url":"https:\/\/denkraum42.de\/wp-content\/uploads\/2024\/05\/ai-generated-8620473_1920.jpg","type":"image\/jpeg"}],"twitter_card":"summary_large_image","twitter_misc":{"Gesch\u00e4tzte Lesezeit":"6\u00a0Minuten"},"schema":{"@context":"https:\/\/schema.org","@graph":[{"@type":"WebPage","@id":"https:\/\/denkraum42.de\/?page_id=55","url":"https:\/\/denkraum42.de\/?page_id=55","name":"Rechtliches - Denkraum 42","isPartOf":{"@id":"https:\/\/denkraum42.de\/#website"},"primaryImageOfPage":{"@id":"https:\/\/denkraum42.de\/?page_id=55#primaryimage"},"image":{"@id":"https:\/\/denkraum42.de\/?page_id=55#primaryimage"},"thumbnailUrl":"https:\/\/denkraum42.de\/wp-content\/uploads\/2024\/05\/ai-generated-8620473_1920.jpg","datePublished":"2024-05-03T09:47:20+00:00","dateModified":"2024-05-03T10:23:08+00:00","description":"Alexandra St\u00f6hr Ihr Coach und Trainer f\u00fcr transformative Prozesse , Schachenstr. 82, 66954 Pirmasens Telefon 06331 531 9975 Mobil 0170 23 29 798 Mail: dialog@stoehr-hr.de","breadcrumb":{"@id":"https:\/\/denkraum42.de\/?page_id=55#breadcrumb"},"inLanguage":"de","potentialAction":[{"@type":"ReadAction","target":["https:\/\/denkraum42.de\/?page_id=55"]}]},{"@type":"ImageObject","inLanguage":"de","@id":"https:\/\/denkraum42.de\/?page_id=55#primaryimage","url":"https:\/\/denkraum42.de\/wp-content\/uploads\/2024\/05\/ai-generated-8620473_1920.jpg","contentUrl":"https:\/\/denkraum42.de\/wp-content\/uploads\/2024\/05\/ai-generated-8620473_1920.jpg","width":1920,"height":1920},{"@type":"BreadcrumbList","@id":"https:\/\/denkraum42.de\/?page_id=55#breadcrumb","itemListElement":[{"@type":"ListItem","position":1,"name":"Startseite","item":"https:\/\/denkraum42.de\/"},{"@type":"ListItem","position":2,"name":"Rechtliches"}]},{"@type":"WebSite","@id":"https:\/\/denkraum42.de\/#website","url":"https:\/\/denkraum42.de\/","name":"Denkraum 42","description":"Echte Transformation und integraler Wandel. Entwicklung evolution\u00e4r gestalten.","publisher":{"@id":"https:\/\/denkraum42.de\/#organization"},"potentialAction":[{"@type":"SearchAction","target":{"@type":"EntryPoint","urlTemplate":"https:\/\/denkraum42.de\/?s={search_term_string}"},"query-input":"required name=search_term_string"}],"inLanguage":"de"},{"@type":"Organization","@id":"https:\/\/denkraum42.de\/#organization","name":"Denkraum 42","url":"https:\/\/denkraum42.de\/","logo":{"@type":"ImageObject","inLanguage":"de","@id":"https:\/\/denkraum42.de\/#\/schema\/logo\/image\/","url":"https:\/\/denkraum42.de\/wp-content\/uploads\/2024\/05\/cropped-cropped-triskell-1193998_1920.png","contentUrl":"https:\/\/denkraum42.de\/wp-content\/uploads\/2024\/05\/cropped-cropped-triskell-1193998_1920.png","width":250,"height":250,"caption":"Denkraum 42"},"image":{"@id":"https:\/\/denkraum42.de\/#\/schema\/logo\/image\/"}}]}},"_links":{"self":[{"href":"https:\/\/denkraum42.de\/index.php?rest_route=\/wp\/v2\/pages\/55","targetHints":{"allow":["GET"]}}],"collection":[{"href":"https:\/\/denkraum42.de\/index.php?rest_route=\/wp\/v2\/pages"}],"about":[{"href":"https:\/\/denkraum42.de\/index.php?rest_route=\/wp\/v2\/types\/page"}],"author":[{"embeddable":true,"href":"https:\/\/denkraum42.de\/index.php?rest_route=\/wp\/v2\/users\/1"}],"replies":[{"embeddable":true,"href":"https:\/\/denkraum42.de\/index.php?rest_route=%2Fwp%2Fv2%2Fcomments&post=55"}],"version-history":[{"count":2,"href":"https:\/\/denkraum42.de\/index.php?rest_route=\/wp\/v2\/pages\/55\/revisions"}],"predecessor-version":[{"id":75,"href":"https:\/\/denkraum42.de\/index.php?rest_route=\/wp\/v2\/pages\/55\/revisions\/75"}],"wp:featuredmedia":[{"embeddable":true,"href":"https:\/\/denkraum42.de\/index.php?rest_route=\/wp\/v2\/media\/73"}],"wp:attachment":[{"href":"https:\/\/denkraum42.de\/index.php?rest_route=%2Fwp%2Fv2%2Fmedia&parent=55"}],"curies":[{"name":"wp","href":"https:\/\/api.w.org\/{rel}","templated":true}]}}